{"id":2523,"date":"2024-04-05T11:29:47","date_gmt":"2024-04-05T10:29:47","guid":{"rendered":"https:\/\/www.francophonies.de\/fete-des-francophonies-2024\/"},"modified":"2024-04-19T15:48:45","modified_gmt":"2024-04-19T14:48:45","slug":"fete-des-francophonies-2024","status":"publish","type":"page","link":"https:\/\/www.francophonies.de\/de\/fete-des-francophonies-2024\/","title":{"rendered":"F\u00eate des Francophonies 2024"},"content":{"rendered":"[vc_row type=&#8220;in_container&#8220; full_screen_row_position=&#8220;middle&#8220; column_margin=&#8220;default&#8220; column_direction=&#8220;default&#8220; column_direction_tablet=&#8220;default&#8220; column_direction_phone=&#8220;default&#8220; scene_position=&#8220;center&#8220; text_color=&#8220;dark&#8220; text_align=&#8220;left&#8220; row_border_radius=&#8220;none&#8220; row_border_radius_applies=&#8220;bg&#8220; overlay_strength=&#8220;0.3&#8243; gradient_direction=&#8220;left_to_right&#8220; shape_divider_position=&#8220;bottom&#8220; bg_image_animation=&#8220;none&#8220;][vc_column column_padding=&#8220;no-extra-padding&#8220; column_padding_tablet=&#8220;inherit&#8220; column_padding_phone=&#8220;inherit&#8220; column_padding_position=&#8220;all&#8220; background_color_opacity=&#8220;1&#8243; background_hover_color_opacity=&#8220;1&#8243; column_shadow=&#8220;none&#8220; column_border_radius=&#8220;none&#8220; column_link_target=&#8220;_self&#8220; gradient_direction=&#8220;left_to_right&#8220; overlay_strength=&#8220;0.3&#8243; width=&#8220;1\/1&#8243; tablet_width_inherit=&#8220;default&#8220; tablet_text_alignment=&#8220;default&#8220; phone_text_alignment=&#8220;default&#8220; column_border_width=&#8220;none&#8220; column_border_style=&#8220;solid&#8220; bg_image_animation=&#8220;none&#8220;][image_with_animation image_url=&#8220;2492&#8243; animation=&#8220;Fade In&#8220; hover_animation=&#8220;none&#8220; alignment=&#8220;&#8220; border_radius=&#8220;none&#8220; box_shadow=&#8220;none&#8220; image_loading=&#8220;default&#8220; max_width=&#8220;100%&#8220; max_width_mobile=&#8220;default&#8220;][vc_column_text]\n<h1 style=\"text-align: center;\"><span style=\"color: #993366;\">F\u00eate des Francophonies | 20. April <span style=\"color: #993300;\">2<\/span><span style=\"color: #99cc00;\">0<\/span><span style=\"color: #ff00ff;\">2<\/span><span style=\"color: #ff9900;\">4<\/span><\/span><\/h1>\n<p>&nbsp;<\/p>\n<p><span style=\"color: #3366ff;\"><strong>Im Jahr 2024 freuen sich die Ko-Vorsitzenden des Netzwerks der frankophonen Botschaften und Vertretungen in Berlin &#8211; die Generaldelegation der Republik Kongo in Deutschland und die Franz\u00f6sische Botschaft \/ Institut Fran\u00e7ais Deutschland -, gemeinsam mit dem Maison des Francophonies de Berlin im CFB zahlreiche Veranstaltungen und H\u00f6hepunkte rund um die Frankophonie zu organisieren!<\/strong><\/span><\/p>\n<p><span style=\"color: #3366ff;\"><strong>Konzerte, Workshops f\u00fcr Sch\u00fcler*innen, ein Lesewettbewerb, Filme, Musik, Quiz, Performances, Debatten und kulinarische Spezialit\u00e4ten laden Sie dazu ein, den unglaublicher Reichtum der frankophonen Welt zu entdecken &#8230; Ob Sie frankophon oder frankophil sind oder einfach nur neugierig, feiern und erleben Sie mit uns die Francophonies in Berlin!<\/strong><\/span><\/p>\n<p>&nbsp;<\/p>\n<p style=\"text-align: center;\"><span style=\"color: #000080;\"><strong>Ein herzliches Dankesch\u00f6n an die Partner dieses sch\u00f6nen Programms, insbesondere an:<\/strong><\/span><\/p>\n<p style=\"text-align: center;\"><span style=\"color: #993366;\"><strong>die Generaldelegation der Republik Kongo in Deutschland, die Franz\u00f6sische Botschaft, das Institut Fran\u00e7ais Deutschand, das Land Berlin, das Deutsch-Franz\u00f6sische Jugendwerk und den Klett-Verlag.<\/strong><\/span><\/p>\n<p style=\"text-align: center;\"><span style=\"color: #3366ff;\"><strong>Aber auch die Botschaften von Togo, der Republik Guinea, Gabun, der Schweizerischen Eidgenossenschaft, der Generaldelegation von Quebec, des Gro\u00dfherzogtums Luxemburg, Belgiens, der Delegation der Deutschsprachigen Gemeinschaft und der Delegation der Deutschsprachigen Gemeinschaft unterst\u00fctzten die Feierlichkeiten am 20. April und waren anwesend, der F\u00e9d\u00e9ration Wallonie-Bruxelles und der Wallonie in Berlin, der Republik Haiti, der Republik Madagaskar, des K\u00f6nigreichs Marokko, des F\u00fcrstentums Monaco, Kanadas, des F\u00fcrstentums Andorra, Kameruns, Zyperns, Rum\u00e4niens, Saarland und Kameruns.<\/strong><\/span><\/p>\n[\/vc_column_text][\/vc_column][\/vc_row][vc_row type=&#8220;in_container&#8220; full_screen_row_position=&#8220;middle&#8220; column_margin=&#8220;default&#8220; equal_height=&#8220;yes&#8220; column_direction=&#8220;default&#8220; column_direction_tablet=&#8220;default&#8220; column_direction_phone=&#8220;default&#8220; bg_color=&#8220;#2ac4ea&#8220; scene_position=&#8220;center&#8220; text_color=&#8220;dark&#8220; text_align=&#8220;left&#8220; row_border_radius=&#8220;none&#8220; row_border_radius_applies=&#8220;bg&#8220; overlay_strength=&#8220;0.3&#8243; gradient_direction=&#8220;left_to_right&#8220; shape_divider_position=&#8220;bottom&#8220; bg_image_animation=&#8220;none&#8220; shape_type=&#8220;&#8220;][vc_column column_padding=&#8220;no-extra-padding&#8220; column_padding_tablet=&#8220;inherit&#8220; column_padding_phone=&#8220;inherit&#8220; column_padding_position=&#8220;all&#8220; background_color=&#8220;#2ac4ea&#8220; background_color_opacity=&#8220;1&#8243; background_hover_color_opacity=&#8220;1&#8243; background_image=&#8220;2671&#8243; background_image_position=&#8220;center center&#8220; enable_bg_scale=&#8220;true&#8220; column_shadow=&#8220;none&#8220; column_border_radius=&#8220;none&#8220; column_link_target=&#8220;_self&#8220; gradient_direction=&#8220;left_to_right&#8220; overlay_strength=&#8220;0.3&#8243; width=&#8220;1\/2&#8243; tablet_width_inherit=&#8220;default&#8220; tablet_text_alignment=&#8220;default&#8220; phone_text_alignment=&#8220;default&#8220; column_border_width=&#8220;none&#8220; column_border_style=&#8220;solid&#8220; bg_image_animation=&#8220;none&#8220;][vc_column_text]<span style=\"color: #000000;\">Das j\u00e4hrliche Treffen der Frankophonen und Frankophilen in Berlin kehrt am 20. April 2024 zur\u00fcck. Auf dem Programm stehen Konzerte, Filme, Performances, Lesungen, Auff\u00fchrungen, Workshops, Experimente und vieles mehr.<\/span><\/p>\n<p><span style=\"color: #000000;\"><strong><span style=\"font-family: 'Calibri',sans-serif;\">Ab 16 Uhr:<\/span><\/strong> Entdecken Sie die Vielfalt der Frankophonie auf einer Weltreise durch die frankophonen L\u00e4nder. Fast 20 Vertretungen frankophoner L\u00e4nder oder Regionen empfangen Sie ab 16 Uhr, um Ihnen den Reichtum und die Besonderheiten der franz\u00f6sischsprachigen Welt zu zeigen. Ab 19:45 Uhr verwandeln sich die St\u00e4nde in kulinarische Verkostungsstellen.<\/span><\/p>\n<p><span style=\"color: #000000;\"><strong><span style=\"font-family: 'Calibri',sans-serif;\">Von 16 bis 18 Uhr:<\/span><\/strong> Ein Workshop zur Entdeckung von Werken in virtueller Realit\u00e4t: Die Innovation im Mittelpunkt des frankophonen Schaffens. Das Publikum kann mehrere preisgekr\u00f6nte Virtual-Reality-Erfahrungen ausprobieren, und eine Augmented-Reality-Ausstellung erg\u00e4nzt diese sensorischen Erfahrungen.<\/span><\/p>\n<p><span style=\"color: #000000;\"><strong><span style=\"font-family: 'Calibri',sans-serif;\">16 bis 18:15 Uhr:<\/span><\/strong> Erleben Sie die Frankophonie tanzend und nehmen Sie an einem Workshop f\u00fcr afrikanischen Tanz teil, der von Ahmed Soura, einem Choreografen aus Burkina Faso, geleitet wird.<\/span><\/p>\n<p><span style=\"color: #000000;\"><strong><span style=\"font-family: 'Calibri',sans-serif;\">Ab 16 Uhr:<\/span><\/strong> H\u00f6ren Sie zu, wenn Conteur Contant Content seine M\u00e4rchen erz\u00e4hlt.<\/span><\/p>\n<p><span style=\"color: #000000;\"><strong><span style=\"font-family: 'Calibri',sans-serif;\">16 Uhr bis Mitternacht<\/span><\/strong>: Die Frankophonie wird Sie erneut mit ihrer Kreativit\u00e4t und ihren Innovationen \u00fcberraschen, und zwar mit einer Augmented-Reality-Ausstellung: Entdecken Sie das erste Buch dieser Art, das Augmented Reality, Blockchain und traditionelle Kunst miteinander verbindet.<\/span><\/p>\n<p><span style=\"color: #000000;\"><strong><span style=\"font-family: 'Calibri',sans-serif;\">Von 16 bis 18 Uhr:<\/span><\/strong> Eine Einladung zu Kamishibai-Reisen in die Welt der Frankophonie.<\/span>[\/vc_column_text][\/vc_column][vc_column column_padding=&#8220;no-extra-padding&#8220; column_padding_tablet=&#8220;inherit&#8220; column_padding_phone=&#8220;inherit&#8220; column_padding_position=&#8220;all&#8220; background_color_opacity=&#8220;1&#8243; background_hover_color_opacity=&#8220;1&#8243; column_shadow=&#8220;none&#8220; column_border_radius=&#8220;none&#8220; column_link_target=&#8220;_self&#8220; gradient_direction=&#8220;left_to_right&#8220; overlay_strength=&#8220;0.3&#8243; width=&#8220;1\/2&#8243; tablet_width_inherit=&#8220;default&#8220; tablet_text_alignment=&#8220;default&#8220; phone_text_alignment=&#8220;default&#8220; column_border_width=&#8220;none&#8220; column_border_style=&#8220;solid&#8220; bg_image_animation=&#8220;none&#8220;][vc_column_text]<span style=\"color: #000000;\"><strong><span style=\"font-family: 'Calibri',sans-serif;\">Von 17 bis 18:15 Uhr:<\/span><\/strong> Treffen mit dem Autor Patrick Bard, der \u00fcber seine Karriere als Schriftsteller, seine Beziehung zur franz\u00f6sischsprachigen Literatur und seine Arbeit als Autor von Jugendromanen mit sozialer Dimension berichtet.<\/span><\/p>\n<p><span style=\"color: #000000;\"><strong><span style=\"font-family: 'Calibri',sans-serif;\">Ab 17 Uhr:<\/span><\/strong> Auftritt von La Chanteuse du Bar mit ihrem Programm <em><span style=\"font-family: 'Calibri',sans-serif;\">En attendant!<\/span><\/em><\/span><\/p>\n<p><span style=\"color: #000000;\"><strong><span style=\"font-family: 'Calibri',sans-serif;\">Von 18:30 bis 23 Uhr:<\/span><\/strong> Abend mit franz\u00f6sischsprachigen Filmen. Es wird ein gesonderter Bereich eingerichtet, um es Kindern und Familien zu erm\u00f6glichen, in ruhiger Atmosph\u00e4re das Beste aus dem frankophonen Filmschaffen zu entdecken.<\/span><\/p>\n<p><span style=\"color: #000000;\"><strong><span style=\"font-family: 'Calibri',sans-serif;\">18:45 Uhr:<\/span><\/strong> Black &#8211; X, Christian Bakotessa: Er\u00f6ffnungskonzert der F\u00eate des Francophonies 2024 von 18:45 bis 19:45 Uhr und noch einmal von <strong><span style=\"font-family: 'Calibri',sans-serif;\">21 bis 21:45 Uhr<\/span><\/strong>. Von mitrei\u00dfenden afrikanischen Rhythmen bis zu lateinamerikanischen Grooves, eine wahre musikalische Weltreise \u2013 Black &#8211; X vereint die Vielfalt der Welt in einer harmonischen Klanglandschaft. Jedes Mitglied der Gruppe bringt seine eigenen kulturellen Einfl\u00fcsse und musikalischen Traditionen ein, um eine abwechslungsreiche und dynamische Performance zu schaffen, die das Bild der Francophonies-Veranstaltung widerspiegelt.<\/span><\/p>\n<p><span style=\"color: #000000;\"><strong><span style=\"font-family: 'Calibri',sans-serif;\">Ab 21:30 Uhr:<\/span><\/strong> DJ-Set von Mista Wallizz. Wallizz treibt seit Jahren den Afrobeats- und Afrohouse-Sound in Berlin voran, nicht nur durch seine Konzerte, sondern auch durch seine lebhaften DJ-Sets.<\/span>[\/vc_column_text][\/vc_column][\/vc_row][vc_row type=&#8220;in_container&#8220; full_screen_row_position=&#8220;middle&#8220; column_margin=&#8220;default&#8220; equal_height=&#8220;yes&#8220; column_direction=&#8220;default&#8220; column_direction_tablet=&#8220;default&#8220; column_direction_phone=&#8220;default&#8220; scene_position=&#8220;center&#8220; text_color=&#8220;dark&#8220; text_align=&#8220;left&#8220; row_border_radius=&#8220;none&#8220; row_border_radius_applies=&#8220;bg&#8220; overlay_strength=&#8220;0.3&#8243; gradient_direction=&#8220;left_to_right&#8220; shape_divider_position=&#8220;bottom&#8220; bg_image_animation=&#8220;none&#8220; shape_type=&#8220;&#8220;][vc_column column_padding=&#8220;no-extra-padding&#8220; column_padding_tablet=&#8220;inherit&#8220; column_padding_phone=&#8220;inherit&#8220; column_padding_position=&#8220;all&#8220; background_color_opacity=&#8220;1&#8243; background_hover_color_opacity=&#8220;1&#8243; background_image=&#8220;2671&#8243; background_image_position=&#8220;center center&#8220; enable_bg_scale=&#8220;true&#8220; column_shadow=&#8220;none&#8220; column_border_radius=&#8220;none&#8220; column_link_target=&#8220;_self&#8220; gradient_direction=&#8220;left_to_right&#8220; overlay_strength=&#8220;0.3&#8243; width=&#8220;1\/2&#8243; tablet_width_inherit=&#8220;default&#8220; tablet_text_alignment=&#8220;default&#8220; phone_text_alignment=&#8220;default&#8220; column_border_width=&#8220;none&#8220; column_border_style=&#8220;solid&#8220; bg_image_animation=&#8220;none&#8220;][\/vc_column][vc_column column_padding=&#8220;no-extra-padding&#8220; column_padding_tablet=&#8220;inherit&#8220; column_padding_phone=&#8220;inherit&#8220; column_padding_position=&#8220;all&#8220; background_color_opacity=&#8220;1&#8243; background_hover_color_opacity=&#8220;1&#8243; column_shadow=&#8220;none&#8220; column_border_radius=&#8220;none&#8220; column_link_target=&#8220;_self&#8220; gradient_direction=&#8220;left_to_right&#8220; overlay_strength=&#8220;0.3&#8243; width=&#8220;1\/2&#8243; tablet_width_inherit=&#8220;default&#8220; tablet_text_alignment=&#8220;default&#8220; phone_text_alignment=&#8220;default&#8220; column_border_width=&#8220;none&#8220; column_border_style=&#8220;solid&#8220; bg_image_animation=&#8220;none&#8220;][vc_column_text]<span style=\"color: #800080;\"><strong>Ab 16:00 Uhr: Entdeckt die Vielfalt der Frankophonie auf einer Weltreise durch die frankophonen L\u00e4nder<\/strong><\/span><\/p>\n<p><strong><br \/>\n<span style=\"color: #000000;\">Fast 20 Vertretungen frankophoner L\u00e4nder oder Regionen werden euch ab 16:00 Uhr die kulturelle F\u00fclle und die Besonderheiten ihrer L\u00e4nder zu zeigen. Ein besonderer Moment des menschlichen Miteinanders und des Austauschs untereinander.<\/span><\/strong><\/p>\n<p><span style=\"color: #000000;\"><strong>Die meisten dieser Informationsst\u00e4nde verwandeln sich ab 19:45 Uhr in kulinarische Verkostungsst\u00e4nde, die dem Berliner Publikum die k\u00f6stlichsten kulinarischen Spezialit\u00e4ten anbieten.<\/strong><\/span><\/p>\n<p><span style=\"color: #000000;\"><strong>Wir freuen uns auf euch, eure Familie, eure Freund*innen und eure Neugier!<\/strong><\/span><\/p>\n<p><span style=\"color: #000000;\"><strong>Ein herzliches Dankesch\u00f6n an die folgenden Vertretungen:<\/strong><\/span><\/p>\n<p><span style=\"color: #ff9900;\"><strong>Togo, die Republik Guinea, Gabun, die Schweizerische Eidgenossenschaft, die Vertretung der Regierung von Quebec, das Gro\u00dfherzogtum Luxemburg, Belgien, die Delegation der Deutschsprachigen Gemeinschaft, die Vertretung Wallonie-Br\u00fcssel-Ostbelgien in Berlin, die Republik Haiti, die Republik Madagaskar, das K\u00f6nigreich Marokko, das F\u00fcrstentum Monaco, Kanada, das F\u00fcrstentum Andorra, Kamerun, Zypern, Rum\u00e4nien, den Senegal und die Elfenbeink\u00fcste.<\/strong><\/span>[\/vc_column_text][\/vc_column][\/vc_row][vc_row type=&#8220;in_container&#8220; full_screen_row_position=&#8220;middle&#8220; column_margin=&#8220;default&#8220; equal_height=&#8220;yes&#8220; column_direction=&#8220;default&#8220; column_direction_tablet=&#8220;default&#8220; column_direction_phone=&#8220;default&#8220; scene_position=&#8220;center&#8220; text_color=&#8220;dark&#8220; text_align=&#8220;left&#8220; row_border_radius=&#8220;none&#8220; row_border_radius_applies=&#8220;bg&#8220; overlay_strength=&#8220;0.3&#8243; gradient_direction=&#8220;left_to_right&#8220; shape_divider_position=&#8220;bottom&#8220; bg_image_animation=&#8220;none&#8220; shape_type=&#8220;&#8220;][vc_column column_padding=&#8220;no-extra-padding&#8220; column_padding_tablet=&#8220;inherit&#8220; column_padding_phone=&#8220;inherit&#8220; column_padding_position=&#8220;all&#8220; background_color_opacity=&#8220;1&#8243; background_hover_color_opacity=&#8220;1&#8243; column_shadow=&#8220;none&#8220; column_border_radius=&#8220;none&#8220; column_link_target=&#8220;_self&#8220; gradient_direction=&#8220;left_to_right&#8220; overlay_strength=&#8220;0.3&#8243; width=&#8220;1\/2&#8243; tablet_width_inherit=&#8220;default&#8220; tablet_text_alignment=&#8220;default&#8220; phone_text_alignment=&#8220;default&#8220; column_border_width=&#8220;none&#8220; column_border_style=&#8220;solid&#8220; bg_image_animation=&#8220;none&#8220;][vc_column_text]\n<h4><span style=\"color: #ff0000;\"><strong>Ab 16.00 Uhr: Kurs auf Innovation: Das Courant3D-Festival in Angoul\u00eame rollt den roten Teppich aus, um die Liebhaber*innen neuer Erfahrungen und technologischer Avantgarde willkommen zu hei\u00dfen.<\/strong><\/span><\/h4>\n<p><strong>M<span style=\"color: #000000;\">it dem besten Teil des Extended Reality (XR)-Programms 2023-2024 verspricht die Veranstaltung einen tiefen Einblick in die immersive und k\u00fcnstlerische Innovation.<\/span><\/strong><\/p>\n<p><span style=\"color: #000000;\"><strong>Der Fokus wird sich auf mehrere preisgekr\u00f6nte Virtual-Reality-Erlebnisse richten, bei denen die Grenzen zwischen Realit\u00e4t und Fantasie verschwimmen und faszinierende Welten entstehen. Preisgekr\u00f6nte Kreationen, die die Grenzen der Vorstellungskraft erweitern und die Teilnehmer*innen zu Abenteuern einladen, die die unendlichen M\u00f6glichkeiten der XR-Technologie offenbaren\u2026<\/strong><\/span><\/p>\n<p><span style=\"color: #000000;\"><strong>Dar\u00fcber hinaus wird eine Augmented-Reality-Ausstellung diese Sinneserfahrungen erg\u00e4nzen. Die Besucher*innen werden die M\u00f6glichkeit haben, eine erweiterte Welt zu erkunden, in der allt\u00e4gliche Elemente mit kreativen digitalen Schichten verschmelzen und so die Wahrnehmung der Realit\u00e4t ver\u00e4ndern.<\/strong><\/span>[\/vc_column_text][\/vc_column][vc_column column_padding=&#8220;no-extra-padding&#8220; column_padding_tablet=&#8220;inherit&#8220; column_padding_phone=&#8220;inherit&#8220; column_padding_position=&#8220;all&#8220; background_color_opacity=&#8220;1&#8243; background_hover_color_opacity=&#8220;1&#8243; background_image=&#8220;2634&#8243; background_image_position=&#8220;center center&#8220; column_shadow=&#8220;none&#8220; column_border_radius=&#8220;none&#8220; column_link_target=&#8220;_self&#8220; gradient_direction=&#8220;left_to_right&#8220; overlay_strength=&#8220;0.3&#8243; width=&#8220;1\/2&#8243; tablet_width_inherit=&#8220;default&#8220; tablet_text_alignment=&#8220;default&#8220; phone_text_alignment=&#8220;default&#8220; column_border_width=&#8220;none&#8220; column_border_style=&#8220;solid&#8220; bg_image_animation=&#8220;none&#8220;][\/vc_column][\/vc_row][vc_row type=&#8220;in_container&#8220; full_screen_row_position=&#8220;middle&#8220; column_margin=&#8220;default&#8220; equal_height=&#8220;yes&#8220; column_direction=&#8220;default&#8220; column_direction_tablet=&#8220;default&#8220; column_direction_phone=&#8220;default&#8220; scene_position=&#8220;center&#8220; text_color=&#8220;dark&#8220; text_align=&#8220;left&#8220; row_border_radius=&#8220;none&#8220; row_border_radius_applies=&#8220;bg&#8220; overlay_strength=&#8220;0.3&#8243; gradient_direction=&#8220;left_to_right&#8220; shape_divider_position=&#8220;bottom&#8220; bg_image_animation=&#8220;none&#8220; shape_type=&#8220;&#8220;][vc_column column_padding=&#8220;no-extra-padding&#8220; column_padding_tablet=&#8220;inherit&#8220; column_padding_phone=&#8220;inherit&#8220; column_padding_position=&#8220;all&#8220; background_color_opacity=&#8220;1&#8243; background_hover_color_opacity=&#8220;1&#8243; background_image=&#8220;2661&#8243; background_image_position=&#8220;center center&#8220; column_shadow=&#8220;none&#8220; column_border_radius=&#8220;none&#8220; column_link_target=&#8220;_self&#8220; gradient_direction=&#8220;left_to_right&#8220; overlay_strength=&#8220;0.3&#8243; width=&#8220;1\/2&#8243; tablet_width_inherit=&#8220;default&#8220; tablet_text_alignment=&#8220;default&#8220; phone_text_alignment=&#8220;default&#8220; column_border_width=&#8220;none&#8220; column_border_style=&#8220;solid&#8220; bg_image_animation=&#8220;none&#8220;][\/vc_column][vc_column column_padding=&#8220;no-extra-padding&#8220; column_padding_tablet=&#8220;inherit&#8220; column_padding_phone=&#8220;inherit&#8220; column_padding_position=&#8220;all&#8220; background_color_opacity=&#8220;1&#8243; background_hover_color_opacity=&#8220;1&#8243; column_shadow=&#8220;none&#8220; column_border_radius=&#8220;none&#8220; column_link_target=&#8220;_self&#8220; gradient_direction=&#8220;left_to_right&#8220; overlay_strength=&#8220;0.3&#8243; width=&#8220;1\/2&#8243; tablet_width_inherit=&#8220;default&#8220; tablet_text_alignment=&#8220;default&#8220; phone_text_alignment=&#8220;default&#8220; column_border_width=&#8220;none&#8220; column_border_style=&#8220;solid&#8220; bg_image_animation=&#8220;none&#8220;][vc_column_text]\n<h4><span style=\"color: #0000ff;\"><strong>Von 16:00 bis 18:15 Uhr:\u00a0 Kommt vorbei und erfahrt die Frankophonie durch Tanz beim Workshop \u201eAfrikanischer Tanz\u201c, angeleitet von Ahmed Soura <\/strong><\/span><\/h4>\n<p><span style=\"color: #000000;\"><strong>Der burkinische Choreograph Ahmed Soura wird einen Workshop zur Entdeckung afrikanischer T\u00e4nze leiten! Er wird von den Rhythmen der Musiker Moussa Coulibaly und Abdoul Aziz Sinka begleitet: ein Trio aus Burkina Faso.<\/strong><\/span><\/p>\n<p><span style=\"color: #000000;\"><strong>Ahmed Soura ist ein in Burkina Faso geborener Tanzk\u00fcnstler und Choreograf, der seit 2012 in Berlin lebt.<\/strong><\/span><\/p>\n<p><span style=\"color: #000000;\"><strong>Was einem bei Ahmed als Erstes auff\u00e4llt, ist seine Ausdrucksst\u00e4rke und seine elektrisch geladene B\u00fchnenpr\u00e4senz! Eine sch\u00f6ne, belebende und kreative Energie, die er gerne gro\u00dfz\u00fcgig mit allen teilt!<\/strong><\/span><\/p>\n<p><span style=\"color: #000000;\"><strong>Jahre der Ausbildung: Traditionelle T\u00e4nze aus Burkina Faso, Afro Contemporaine, Urban Dance, Break Dance, zeitgen\u00f6ssischer Tanz am Institut national de formation artistique et culturelle in Burkina Faso und anschlie\u00dfend am Centre Chor\u00e9graphique de Montpellier in Frankreich.<\/strong><\/span><\/p>\n<p><span style=\"color: #000000;\"><strong>Er gr\u00fcndete seine Tanzkompanie: KORO \/ Compagnie Ahmed Soura in Burkina Faso im Jahr 2007 und seine Soli &#8222;En opposition avec Moi&#8220; und &#8222;166&#8220; wurden 2011 und 2013 mit internationalen Preisen ausgezeichnet.<\/strong><\/span><\/p>\n<p><span style=\"color: #000000;\"><strong>Er ist Mitsch\u00f6pfer, aus\u00fcbender T\u00e4nzer oder Choreograf bei: Compagnie Ir\u00e8ne Tassembedo, Christoph Schlingensief, Compagnie Christoph Winkler, Pink Mama Theater, Deutsche Oper Berlin, Philharmonie Berlin, Lise Wagner, Serge Aim\u00e9 Coulibaly \/Faso Danse Th\u00e9\u00e2tre, &#8230;<\/strong><\/span>[\/vc_column_text][\/vc_column][\/vc_row][vc_row type=&#8220;in_container&#8220; full_screen_row_position=&#8220;middle&#8220; column_margin=&#8220;default&#8220; equal_height=&#8220;yes&#8220; column_direction=&#8220;default&#8220; column_direction_tablet=&#8220;default&#8220; column_direction_phone=&#8220;default&#8220; scene_position=&#8220;center&#8220; text_color=&#8220;dark&#8220; text_align=&#8220;left&#8220; row_border_radius=&#8220;none&#8220; row_border_radius_applies=&#8220;bg&#8220; overlay_strength=&#8220;0.3&#8243; gradient_direction=&#8220;left_to_right&#8220; shape_divider_position=&#8220;bottom&#8220; bg_image_animation=&#8220;none&#8220; shape_type=&#8220;&#8220;][vc_column column_padding=&#8220;no-extra-padding&#8220; column_padding_tablet=&#8220;inherit&#8220; column_padding_phone=&#8220;inherit&#8220; column_padding_position=&#8220;all&#8220; background_color_opacity=&#8220;1&#8243; background_hover_color_opacity=&#8220;1&#8243; column_shadow=&#8220;none&#8220; column_border_radius=&#8220;none&#8220; column_link_target=&#8220;_self&#8220; gradient_direction=&#8220;left_to_right&#8220; overlay_strength=&#8220;0.3&#8243; width=&#8220;1\/2&#8243; tablet_width_inherit=&#8220;default&#8220; tablet_text_alignment=&#8220;default&#8220; phone_text_alignment=&#8220;default&#8220; column_border_width=&#8220;none&#8220; column_border_style=&#8220;solid&#8220; bg_image_animation=&#8220;none&#8220;][vc_column_text]\n<h4><span style=\"color: #0000ff;\"><strong>Ab 16:00 Uhr: Eine Reise durch die Welt des M\u00e4rchenerz\u00e4hlers Conteur Contant Content<\/strong><\/span><\/h4>\n<p><span style=\"color: #000000;\"><strong>Auf den Plantagen, auf denen Bambussaft (Bastwein) konsumiert wird, hat TOMBE Franklin seine M\u00e4rchen erfunden, die er uns als gl\u00fccklicher Erz\u00e4hler vortr\u00e4gt, daher sein K\u00fcnstlername Conteur Contant Content. Seine Ohren haben den weisen Worten vieler alter Menschen in Afrika gelauscht, seine Hand hat weise Worte f\u00fcr die Jugend der Welt geschrieben und auch sein Mund erz\u00e4hlt \u00fcberall diese weisen Worte.<\/strong><\/span><\/p>\n<p><span style=\"color: #000000;\"><strong>Am 20. April 2024 l\u00e4dt er zu einem Treffen mit dem Publikum ein, um ein Programm voller M\u00e4rchen, Humor und Gesang zu pr\u00e4sentieren.<\/strong><\/span><\/p>\n<p><span style=\"color: #000000;\"><strong>Gro\u00df und Klein werden sich von seiner Stimme verzaubern lassen&#8230;<\/strong><\/span><\/p>\n<p>&nbsp;<\/p>\n<p>&nbsp;<\/p>\n<p>&nbsp;<\/p>\n<p>&nbsp;<\/p>\n<p>&nbsp;<\/p>\n[\/vc_column_text][\/vc_column][vc_column column_padding=&#8220;no-extra-padding&#8220; column_padding_tablet=&#8220;inherit&#8220; column_padding_phone=&#8220;inherit&#8220; column_padding_position=&#8220;all&#8220; background_color_opacity=&#8220;1&#8243; background_hover_color_opacity=&#8220;1&#8243; background_image=&#8220;2664&#8243; background_image_position=&#8220;center center&#8220; column_shadow=&#8220;none&#8220; column_border_radius=&#8220;none&#8220; column_link_target=&#8220;_self&#8220; gradient_direction=&#8220;left_to_right&#8220; overlay_strength=&#8220;0.3&#8243; width=&#8220;1\/2&#8243; tablet_width_inherit=&#8220;default&#8220; tablet_text_alignment=&#8220;default&#8220; phone_text_alignment=&#8220;default&#8220; column_border_width=&#8220;none&#8220; column_border_style=&#8220;solid&#8220; bg_image_animation=&#8220;none&#8220;][\/vc_column][\/vc_row][vc_row type=&#8220;in_container&#8220; full_screen_row_position=&#8220;middle&#8220; column_margin=&#8220;default&#8220; equal_height=&#8220;yes&#8220; column_direction=&#8220;default&#8220; column_direction_tablet=&#8220;default&#8220; column_direction_phone=&#8220;default&#8220; scene_position=&#8220;center&#8220; text_color=&#8220;dark&#8220; text_align=&#8220;left&#8220; row_border_radius=&#8220;none&#8220; row_border_radius_applies=&#8220;bg&#8220; overlay_strength=&#8220;0.3&#8243; gradient_direction=&#8220;left_to_right&#8220; shape_divider_position=&#8220;bottom&#8220; bg_image_animation=&#8220;none&#8220; shape_type=&#8220;&#8220;][vc_column column_padding=&#8220;no-extra-padding&#8220; column_padding_tablet=&#8220;inherit&#8220; column_padding_phone=&#8220;inherit&#8220; column_padding_position=&#8220;all&#8220; background_color_opacity=&#8220;1&#8243; background_hover_color_opacity=&#8220;1&#8243; background_image=&#8220;2628&#8243; background_image_position=&#8220;center center&#8220; column_shadow=&#8220;none&#8220; column_border_radius=&#8220;none&#8220; column_link_target=&#8220;_self&#8220; gradient_direction=&#8220;left_to_right&#8220; overlay_strength=&#8220;0.3&#8243; width=&#8220;1\/2&#8243; tablet_width_inherit=&#8220;default&#8220; tablet_text_alignment=&#8220;default&#8220; phone_text_alignment=&#8220;default&#8220; column_border_width=&#8220;none&#8220; column_border_style=&#8220;solid&#8220; bg_image_animation=&#8220;none&#8220;][\/vc_column][vc_column column_padding=&#8220;no-extra-padding&#8220; column_padding_tablet=&#8220;inherit&#8220; column_padding_phone=&#8220;inherit&#8220; column_padding_position=&#8220;all&#8220; background_color_opacity=&#8220;1&#8243; background_hover_color_opacity=&#8220;1&#8243; column_shadow=&#8220;none&#8220; column_border_radius=&#8220;none&#8220; column_link_target=&#8220;_self&#8220; gradient_direction=&#8220;left_to_right&#8220; overlay_strength=&#8220;0.3&#8243; width=&#8220;1\/2&#8243; tablet_width_inherit=&#8220;default&#8220; tablet_text_alignment=&#8220;default&#8220; phone_text_alignment=&#8220;default&#8220; column_border_width=&#8220;none&#8220; column_border_style=&#8220;solid&#8220; bg_image_animation=&#8220;none&#8220;][vc_column_text]\n<h4><span style=\"color: #008080;\">Von 16 Uhr bis Mitternacht: Die Francophonies werden Sie erneut mit ihrer Kreativit\u00e4t und ihren Innovationen \u00fcberraschen, mit der Ausstellung in erweiterter Realit\u00e4t<\/span><\/h4>\n<p><span style=\"color: #000000;\"><strong>PROSTHETIC REALITY V2 @CouranT3D<\/strong><\/span><\/p>\n<p><span style=\"color: #000000;\"><strong>Prosthetic Reality Volume 2, das 2022 auf dem Courant3D-Festival Premiere feiert, wurde vom K\u00fcnstler Sutu, dem Mitbegr\u00fcnder von &#8222;EyeJack&#8220;, entworfen und bringt mehr als 60 K\u00fcnstler, Animatoren und Sounddesigner aus der ganzen Welt zusammen, um Augmented Reality in Verbindung mit NFT zu pr\u00e4sentieren. Es ist das erste Buch dieser Art, das Augmented Reality, Blockchain und traditionelle Kunst miteinander verbindet. Alle Werke in diesem Buch wurden auf der NFT-Plattform &#8222;Hic et nunc&#8220; (jetzt bekannt als Teia), die auf der Tezos-Blockchain basiert, &#8222;gemint&#8220;.<\/strong><\/span><br \/>\n<span style=\"color: #000000;\"><strong>Es ist uns eine gro\u00dfe Freude, diese unver\u00f6ffentlichten Werke, die als futuristisch empfundene Konzepte tragen, auszustellen. Beim Courant3D-Festival 2017 hatten wir Sutu f\u00fcr die Pr\u00e4sentation von &#8222;Prosthetic Reality V1&#8220; zu Gast.<\/strong><\/span><br \/>\n<span style=\"color: #000000;\"><strong>Denken Sie daran, die EyeJack-App auf Ihre Smartphones herunterzuladen, um diese Ausstellung in vollen Z\u00fcgen genie\u00dfen zu k\u00f6nnen.<\/strong><\/span>[\/vc_column_text][\/vc_column][\/vc_row][vc_row type=&#8220;in_container&#8220; full_screen_row_position=&#8220;middle&#8220; column_margin=&#8220;default&#8220; column_direction=&#8220;default&#8220; column_direction_tablet=&#8220;default&#8220; column_direction_phone=&#8220;default&#8220; scene_position=&#8220;center&#8220; text_color=&#8220;dark&#8220; text_align=&#8220;left&#8220; row_border_radius=&#8220;none&#8220; row_border_radius_applies=&#8220;bg&#8220; overlay_strength=&#8220;0.3&#8243; gradient_direction=&#8220;left_to_right&#8220; shape_divider_position=&#8220;bottom&#8220; bg_image_animation=&#8220;none&#8220;][vc_column column_padding=&#8220;no-extra-padding&#8220; column_padding_tablet=&#8220;inherit&#8220; column_padding_phone=&#8220;inherit&#8220; column_padding_position=&#8220;all&#8220; background_color_opacity=&#8220;1&#8243; background_hover_color_opacity=&#8220;1&#8243; column_shadow=&#8220;none&#8220; column_border_radius=&#8220;none&#8220; column_link_target=&#8220;_self&#8220; gradient_direction=&#8220;left_to_right&#8220; overlay_strength=&#8220;0.3&#8243; width=&#8220;1\/2&#8243; tablet_width_inherit=&#8220;default&#8220; tablet_text_alignment=&#8220;default&#8220; phone_text_alignment=&#8220;default&#8220; column_border_width=&#8220;none&#8220; column_border_style=&#8220;solid&#8220; bg_image_animation=&#8220;none&#8220;][vc_column_text]\n<h4><span style=\"color: #0000ff;\"><strong>Von 16.00 bis 18.00 Uhr:\u00a0 Eine Einladung zu Kamishibai-Reisen in die Welt der Frankophonie<\/strong><\/span><\/h4>\n<p><span style=\"color: #000000;\"><strong>Entdeckt Kamishibai-Geschichten (M\u00e4rchenbilderschaukasten) und begebt Euch auf eine Reise mit M\u00e4rchen, die von Emmanuelle, Bibliothekarin am Institut Fran\u00e7ais de Berlin, erz\u00e4hlt werden.<\/strong><\/span>[\/vc_column_text][\/vc_column][vc_column column_padding=&#8220;no-extra-padding&#8220; column_padding_tablet=&#8220;inherit&#8220; column_padding_phone=&#8220;inherit&#8220; column_padding_position=&#8220;all&#8220; background_color_opacity=&#8220;1&#8243; background_hover_color_opacity=&#8220;1&#8243; column_shadow=&#8220;none&#8220; column_border_radius=&#8220;none&#8220; column_link_target=&#8220;_self&#8220; gradient_direction=&#8220;left_to_right&#8220; overlay_strength=&#8220;0.3&#8243; width=&#8220;1\/2&#8243; tablet_width_inherit=&#8220;default&#8220; tablet_text_alignment=&#8220;default&#8220; phone_text_alignment=&#8220;default&#8220; column_border_width=&#8220;none&#8220; column_border_style=&#8220;solid&#8220; bg_image_animation=&#8220;none&#8220;][image_with_animation image_url=&#8220;2608&#8243; animation=&#8220;Fade In&#8220; hover_animation=&#8220;none&#8220; alignment=&#8220;&#8220; border_radius=&#8220;none&#8220; box_shadow=&#8220;none&#8220; image_loading=&#8220;default&#8220; max_width=&#8220;100%&#8220; max_width_mobile=&#8220;default&#8220;][\/vc_column][\/vc_row][vc_row type=&#8220;in_container&#8220; full_screen_row_position=&#8220;middle&#8220; column_margin=&#8220;default&#8220; equal_height=&#8220;yes&#8220; column_direction=&#8220;default&#8220; column_direction_tablet=&#8220;default&#8220; column_direction_phone=&#8220;default&#8220; scene_position=&#8220;center&#8220; text_color=&#8220;dark&#8220; text_align=&#8220;left&#8220; row_border_radius=&#8220;none&#8220; row_border_radius_applies=&#8220;bg&#8220; overlay_strength=&#8220;0.3&#8243; gradient_direction=&#8220;left_to_right&#8220; shape_divider_position=&#8220;bottom&#8220; bg_image_animation=&#8220;none&#8220; shape_type=&#8220;&#8220;][vc_column column_padding=&#8220;no-extra-padding&#8220; column_padding_tablet=&#8220;inherit&#8220; column_padding_phone=&#8220;inherit&#8220; column_padding_position=&#8220;all&#8220; background_color_opacity=&#8220;1&#8243; background_hover_color_opacity=&#8220;1&#8243; background_image=&#8220;2651&#8243; background_image_position=&#8220;center center&#8220; enable_bg_scale=&#8220;true&#8220; column_shadow=&#8220;none&#8220; column_border_radius=&#8220;none&#8220; column_link_target=&#8220;_self&#8220; gradient_direction=&#8220;left_to_right&#8220; overlay_strength=&#8220;0.3&#8243; width=&#8220;1\/2&#8243; tablet_width_inherit=&#8220;default&#8220; tablet_text_alignment=&#8220;default&#8220; phone_text_alignment=&#8220;default&#8220; column_border_width=&#8220;none&#8220; column_border_style=&#8220;solid&#8220; bg_image_animation=&#8220;none&#8220;][\/vc_column][vc_column column_padding=&#8220;no-extra-padding&#8220; column_padding_tablet=&#8220;inherit&#8220; column_padding_phone=&#8220;inherit&#8220; column_padding_position=&#8220;all&#8220; background_color_opacity=&#8220;1&#8243; background_hover_color_opacity=&#8220;1&#8243; column_shadow=&#8220;none&#8220; column_border_radius=&#8220;none&#8220; column_link_target=&#8220;_self&#8220; gradient_direction=&#8220;left_to_right&#8220; overlay_strength=&#8220;0.3&#8243; width=&#8220;1\/2&#8243; tablet_width_inherit=&#8220;default&#8220; tablet_text_alignment=&#8220;default&#8220; phone_text_alignment=&#8220;default&#8220; column_border_width=&#8220;none&#8220; column_border_style=&#8220;solid&#8220; bg_image_animation=&#8220;none&#8220;][vc_column_text]<span style=\"color: #0000ff;\"><strong>Ab 17:00 Uhr: Lesung\/Treffen. Trefft Patrick Bard bei der F\u00eate des Francophonies<\/strong><\/span><\/p>\n<p><span style=\"color: #000000;\"><strong>Patrick Bard ist ein erfolgreicher und preisgekr\u00f6nter Autor, der abwechselnd schwarze Romane, Sozialromane und Kriminalromane vorlegt. Als engagierter Autor behandelt er darin gesellschaftlich relevante Themen: Kinderhandel in S\u00fcdamerika, Mobbing, soziale Netzwerke und Videospiele, komplexe Familienbeziehungen usw.<\/strong><\/span><\/p>\n<p><span style=\"color: #000000;\"><strong>2016 ver\u00f6ffentlichte er einen ersten Roman f\u00fcr Jugendliche (<\/strong><em><strong>Et mes yeux se sont ferm\u00e9s<\/strong><\/em><strong>, 2016, ed. Syros) und 2023 erhielt er den renommierten Prix des Lyc\u00e9ens Allemands f\u00fcr <\/strong><em><strong>Le Secret de Mona<\/strong><\/em><strong> (2020, ed. Syros). Er \u00fcberzeugte die Franz\u00f6sisch lernenden deutschen Gymnasiast*innen, die ihn in Literaturjurys verteidigten. Patrick Bard pr\u00e4sentiert hier seine Texte einer breiten \u00d6ffentlichkeit.<\/strong><\/span>[\/vc_column_text][\/vc_column][\/vc_row][vc_row type=&#8220;in_container&#8220; full_screen_row_position=&#8220;middle&#8220; column_margin=&#8220;default&#8220; equal_height=&#8220;yes&#8220; column_direction=&#8220;default&#8220; column_direction_tablet=&#8220;default&#8220; column_direction_phone=&#8220;default&#8220; scene_position=&#8220;center&#8220; text_color=&#8220;dark&#8220; text_align=&#8220;left&#8220; row_border_radius=&#8220;none&#8220; row_border_radius_applies=&#8220;bg&#8220; overlay_strength=&#8220;0.3&#8243; gradient_direction=&#8220;left_to_right&#8220; shape_divider_position=&#8220;bottom&#8220; bg_image_animation=&#8220;none&#8220; shape_type=&#8220;&#8220;][vc_column column_padding=&#8220;no-extra-padding&#8220; column_padding_tablet=&#8220;inherit&#8220; column_padding_phone=&#8220;inherit&#8220; column_padding_position=&#8220;all&#8220; background_color_opacity=&#8220;1&#8243; background_hover_color_opacity=&#8220;1&#8243; column_shadow=&#8220;none&#8220; column_border_radius=&#8220;none&#8220; column_link_target=&#8220;_self&#8220; gradient_direction=&#8220;left_to_right&#8220; overlay_strength=&#8220;0.3&#8243; width=&#8220;1\/2&#8243; tablet_width_inherit=&#8220;default&#8220; tablet_text_alignment=&#8220;default&#8220; phone_text_alignment=&#8220;default&#8220; column_border_width=&#8220;none&#8220; column_border_style=&#8220;solid&#8220; bg_image_animation=&#8220;none&#8220;][vc_column_text]\n<h4><span style=\"color: #0000ff;\"><strong>Ab 17 Uhr: La Chanteuse du Bar: En Attendant !<\/strong><\/span><\/h4>\n<p><span style=\"color: #000000;\"><strong>La Chanteuse du Bar (Bars\u00e4ngerin) hat ihre Stimme allein in einer leeren Bar im H\u00f4tel des Autrices gefunden, einem virtuellen Raum f\u00fcr literarisches Schaffen des R\u00e9seau des Autrices francophones de Berlin (Netzwerk frankophoner Autorinnen in Berlin).<\/strong><\/span><\/p>\n<p><span style=\"color: #000000;\"><strong>Obwohl sie La Chanteuse du Bar hei\u00dft, singt sie nicht wirklich. Tats\u00e4chlich konzentriert sich die Chanteuse du Bar eher auf die kleinen Geschichten zwischen den Liedern.<\/strong><\/span><\/p>\n<p><span style=\"color: #000000;\"><strong>Da sie davon \u00fcberzeugt ist, dass ihre humorvollen Monologe sie zum internationalen Ruhm f\u00fchren werden (auf den sie geduldig wartet), wird sie bei der F\u00eate des Francophonies 2024 ihren kreativen Prozess vorstellen. Bis zum Ruhm!<\/strong><\/span><\/p>\n<p><span style=\"color: #000000;\"><strong>La Chanteuse du Bar wird gespielt von Elizabeth Grenier, einer Quebecerin, die seit 2007 in Berlin lebt.<\/strong><\/span>[\/vc_column_text][\/vc_column][vc_column column_padding=&#8220;no-extra-padding&#8220; column_padding_tablet=&#8220;inherit&#8220; column_padding_phone=&#8220;inherit&#8220; column_padding_position=&#8220;all&#8220; background_color_opacity=&#8220;1&#8243; background_hover_color_opacity=&#8220;1&#8243; background_image=&#8220;2668&#8243; background_image_position=&#8220;center center&#8220; column_shadow=&#8220;none&#8220; column_border_radius=&#8220;none&#8220; column_link_target=&#8220;_self&#8220; gradient_direction=&#8220;left_to_right&#8220; overlay_strength=&#8220;0.3&#8243; width=&#8220;1\/2&#8243; tablet_width_inherit=&#8220;default&#8220; tablet_text_alignment=&#8220;default&#8220; phone_text_alignment=&#8220;default&#8220; column_border_width=&#8220;none&#8220; column_border_style=&#8220;solid&#8220; bg_image_animation=&#8220;none&#8220;][image_with_animation image_url=&#8220;2668&#8243; animation=&#8220;Fade In&#8220; hover_animation=&#8220;none&#8220; alignment=&#8220;&#8220; border_radius=&#8220;none&#8220; box_shadow=&#8220;none&#8220; image_loading=&#8220;default&#8220; max_width=&#8220;100%&#8220; max_width_mobile=&#8220;default&#8220;][\/vc_column][\/vc_row][vc_row type=&#8220;in_container&#8220; full_screen_row_position=&#8220;middle&#8220; column_margin=&#8220;default&#8220; equal_height=&#8220;yes&#8220; column_direction=&#8220;default&#8220; column_direction_tablet=&#8220;default&#8220; column_direction_phone=&#8220;default&#8220; scene_position=&#8220;center&#8220; text_color=&#8220;dark&#8220; text_align=&#8220;left&#8220; row_border_radius=&#8220;none&#8220; row_border_radius_applies=&#8220;bg&#8220; overlay_strength=&#8220;0.3&#8243; gradient_direction=&#8220;left_to_right&#8220; shape_divider_position=&#8220;bottom&#8220; bg_image_animation=&#8220;none&#8220; shape_type=&#8220;&#8220;][vc_column column_padding=&#8220;no-extra-padding&#8220; column_padding_tablet=&#8220;inherit&#8220; column_padding_phone=&#8220;inherit&#8220; column_padding_position=&#8220;all&#8220; background_color_opacity=&#8220;1&#8243; background_hover_color_opacity=&#8220;1&#8243; background_image=&#8220;2599&#8243; background_image_position=&#8220;center center&#8220; enable_bg_scale=&#8220;true&#8220; column_shadow=&#8220;none&#8220; column_border_radius=&#8220;none&#8220; column_link_target=&#8220;_self&#8220; gradient_direction=&#8220;left_to_right&#8220; overlay_strength=&#8220;0.3&#8243; width=&#8220;1\/2&#8243; tablet_width_inherit=&#8220;default&#8220; tablet_text_alignment=&#8220;default&#8220; phone_text_alignment=&#8220;default&#8220; column_border_width=&#8220;none&#8220; column_border_style=&#8220;solid&#8220; bg_image_animation=&#8220;none&#8220;][\/vc_column][vc_column column_padding=&#8220;no-extra-padding&#8220; column_padding_tablet=&#8220;inherit&#8220; column_padding_phone=&#8220;inherit&#8220; column_padding_position=&#8220;all&#8220; background_color_opacity=&#8220;1&#8243; background_hover_color_opacity=&#8220;1&#8243; column_shadow=&#8220;none&#8220; column_border_radius=&#8220;none&#8220; column_link_target=&#8220;_self&#8220; gradient_direction=&#8220;left_to_right&#8220; overlay_strength=&#8220;0.3&#8243; width=&#8220;1\/2&#8243; tablet_width_inherit=&#8220;default&#8220; tablet_text_alignment=&#8220;default&#8220; phone_text_alignment=&#8220;default&#8220; column_border_width=&#8220;none&#8220; column_border_style=&#8220;solid&#8220; bg_image_animation=&#8220;none&#8220;][vc_column_text]\n<h4><span style=\"color: #0000ff;\"><strong>Von 18.30 bis 23.00 Uhr: Abend mit frankophonen Filmen<\/strong><\/span><\/h4>\n<p><span style=\"color: #000000;\"><strong>In einem ruhigen, entspannten Raum k\u00f6nnen Kinder und Familie<\/strong><strong> die besten frankophonen Filme entdecken.<\/strong><\/span><\/p>\n<p><span style=\"color: #000000;\"><strong>Das Programm wird um 18.30 Uhr mit 2 vom Institut Fran\u00e7ais ausgew\u00e4hlten Filmen er\u00f6ffnet:<\/strong><\/span><\/p>\n<p><span style=\"color: #000000;\"><a style=\"color: #000000;\" href=\"https:\/\/ifcinema.institutfrancais.com\/fr\/movie?id=1afb197a-2f38-49d6-88b6-d306bf491cae\">Vanille:<\/a><strong> Vanille, eine kleine Pariserin, die gerade auf Guadeloupe gelandet ist, st\u00fcrzt sich in ein geheimnisvolles Abenteuer, in dem sie malerischen Charakteren und einer magischen Blume begegnet. Dieser Urlaub verspricht eine Menge \u00dcberraschungen!<\/strong><\/span><\/p>\n<p><span style=\"color: #000000;\"><a style=\"color: #000000;\" href=\"https:\/\/ifcinema.institutfrancais.com\/fr\/movie?id=000e9499-a535-4cfc-b696-d075cc825bf6\">Ma famille et le loup<\/a>: <strong>Im Sommer seines neunten Geburtstags verbringt Hugo die gro\u00dfen Ferien mit seinen Cousins bei seiner Oma Sara. Als sie erfahren, dass der Wolf sie holen will, setzen sich die Kinder f\u00fcr die Rettung ihrer Gro\u00dfmutter ein und st\u00fcrzen sich in ein unvergessliches Abenteuer.<\/strong><\/span><\/p>\n<p><span style=\"color: #000000;\"><strong>Die kanadische Botschaft hat f\u00fcr euch den wundersch\u00f6nen Film \u201eJules au Pays d\u2019Asha\u201c ausgew\u00e4hlt, der um 20 Uhr gezeigt wird.<\/strong><\/span><\/p>\n<p><span style=\"color: #000000;\"><strong><u>Jules au Pays d\u2019Asha<\/u><\/strong>: <strong>An einem kalten Wintertag im Jahr 1940 zieht Jules mit seiner Familie zu seinem Onkel, dem B\u00fcrgermeister eines Dorfes im Norden von Qu\u00e9bec. Aufgrund einer seltenen Hautkrankheit hat er keine Freunde. Daher ist es sein gr\u00f6\u00dfter Wunsch, wieder gesund zu werden. Als sein Hund Flagrant in den Wald fl\u00fcchtet, hat Jules keine andere Wahl, als sich von seinem Haus zu entfernen, um ihn zu finden. Unterwegs lernt er Asha, ein geheimnisvolles M\u00e4dchen der Ureinwohner, kennen. Gemeinsam wagen sie sich auf die andere Seite des Waldes, wo sich die Natur als voller Leben und Geheimnisse offenbart (<\/strong><a style=\"color: #000000;\" href=\"https:\/\/vimeo.com\/825519539\">Trailer<strong>).<\/strong><\/a><\/span><\/p>\n<p><span style=\"color: #000000;\"><strong>Zum Abschluss hat die luxemburgische Botschaft Filme voller Emotionen ausgesucht:<\/strong><\/span><\/p>\n<p><span style=\"color: #000000;\"><a style=\"color: #000000;\" href=\"https:\/\/www.filmfund.lu\/film-catalogue\/films\/schmol\">Schmol<\/a><strong>: Nichts bereitete den jungen B\u00e4ren Schmol, der sich in einem bukolischen Leben eingerichtet hatte, darauf vor, sich mit den M\u00e4andern des Showbusiness auseinanderzusetzen.<\/strong><\/span><\/p>\n<p><span style=\"color: #000000;\"><a style=\"color: #000000;\" href=\"https:\/\/www.filmfund.lu\/film-catalogue\/films\/l-ogre\/(from)\/type\">L\u2019Ogre<\/a><strong>: Eine Mutter und ihr Kind leben mit dem Oger, einer grausamen und gewaltt\u00e4tigen Kreatur, unter einem Dach. Als der Zorn des Ungeheuers die W\u00e4nde des Hauses erzittern l\u00e4sst, gibt es nur eine L\u00f6sung: sich verstecken und still bleiben. Psst! Da kommt er schon&#8230;<\/strong><\/span><\/p>\n<p><span style=\"color: #000000;\"><a style=\"color: #000000;\" href=\"https:\/\/www.filmfund.lu\/film-catalogue\/films\/mr-hublot\">Mr Hublot<\/a><strong>: Herr Hublot lebt in einer Welt, in der Figuren, die zum Teil aus mechanischen Teilen bestehen, am Steuer gigantischer Fahrzeuge sitzen. In dieser Welt herrschen gigantische Maschinen und die unaufh\u00f6rliche Verwendung von Altmaterial.<\/strong><\/span><\/p>\n<p><span style=\"color: #000000;\"><strong>Herr Hublot ist eine in sich gekehrte Person mit einer Zwangsst\u00f6rung und hat Angst vor Ver\u00e4nderungen und der Au\u00dfenwelt. Seine L\u00f6sung: Er verl\u00e4sst seine Wohnung nicht! Die Ankunft des Hundes Robot Pet bringt sein Leben durcheinander: Er muss sein Haus mit diesem sehr aufdringlichen Gef\u00e4hrten teilen&#8230;<\/strong><\/span>[\/vc_column_text][\/vc_column][\/vc_row][vc_row type=&#8220;in_container&#8220; full_screen_row_position=&#8220;middle&#8220; column_margin=&#8220;default&#8220; column_direction=&#8220;default&#8220; column_direction_tablet=&#8220;default&#8220; column_direction_phone=&#8220;default&#8220; scene_position=&#8220;center&#8220; text_color=&#8220;dark&#8220; text_align=&#8220;left&#8220; row_border_radius=&#8220;none&#8220; row_border_radius_applies=&#8220;bg&#8220; overlay_strength=&#8220;0.3&#8243; gradient_direction=&#8220;left_to_right&#8220; shape_divider_position=&#8220;bottom&#8220; bg_image_animation=&#8220;none&#8220;][vc_column column_padding=&#8220;no-extra-padding&#8220; column_padding_tablet=&#8220;inherit&#8220; column_padding_phone=&#8220;inherit&#8220; column_padding_position=&#8220;all&#8220; background_color_opacity=&#8220;1&#8243; background_hover_color_opacity=&#8220;1&#8243; column_shadow=&#8220;none&#8220; column_border_radius=&#8220;none&#8220; column_link_target=&#8220;_self&#8220; gradient_direction=&#8220;left_to_right&#8220; overlay_strength=&#8220;0.3&#8243; width=&#8220;1\/2&#8243; tablet_width_inherit=&#8220;default&#8220; tablet_text_alignment=&#8220;default&#8220; phone_text_alignment=&#8220;default&#8220; column_border_width=&#8220;none&#8220; column_border_style=&#8220;solid&#8220; bg_image_animation=&#8220;none&#8220;][vc_column_text]\n<h4><span style=\"color: #ff9900;\"><strong>18:45 Uhr: Black \u2013 X, Christian Bakotessa: Er\u00f6ffnungskonzert der F\u00eate des Francophonies 2024 von 18:45 bis 19:45 Uhr und von 21:00 bis 21:45 Uhr!<\/strong><\/span><\/h4>\n<p><span style=\"color: #000000;\"><strong>Das CFB wird Christian Bakotessa begr\u00fc\u00dfen, einen S\u00e4nger, der in Deutschland durch die Sendung \u201eDas Supertalent\u201c 2012 bekannt geworden ist.\u00a0<\/strong><\/span><\/p>\n<p><span style=\"color: #000000;\"><strong>Christian Bakotessa ist seit 2004 Mitglied der kongolesischen Band Black \u2013 X, die in Hannover gegr\u00fcndet wurde.<\/strong><\/span><\/p>\n<p><span style=\"color: #000000;\"><strong>Black \u2013 X ist eine faszinierende Verschmelzung verschiedener kultureller Einfl\u00fcsse, die ihre Wurzeln in der pulsierenden Vielfalt der Stadt Hannover hat! Mit einer einzigartigen Mischung aus Kl\u00e4ngen, die die Grenzen von Genres und Kulturen \u00fcberschreiten, verspricht Black \u2013 X, eure Sinne zu bet\u00f6ren und euch auf eine unvergessliche musikalische Reise zu entf\u00fchren.<\/strong><\/span><\/p>\n<p><span style=\"color: #000000;\"><strong>Afrikanische Rhythmen, die lateinamerikanischen Groove mitrei\u00dfen, eine wahre musikalische Weltreise: Black \u2013 X vereint die Vielfalt der Welt in einer harmonischen Klanglandschaft. Jedes Mitglied der Gruppe bringt seine eigenen kulturellen Einfl\u00fcsse und musikalischen Traditionen ein, um eine abwechslungsreiche und dynamische Performance zu schaffen, die das Bild der Veranstaltung der Frankophonie widerspiegelt. Lasst euch von Black \u2013 X mitrei\u00dfen und erlebt die Sch\u00f6nheit der Vielfalt am 20. April live im CFB!<\/strong><\/span>[\/vc_column_text][\/vc_column][vc_column column_padding=&#8220;no-extra-padding&#8220; column_padding_tablet=&#8220;inherit&#8220; column_padding_phone=&#8220;inherit&#8220; column_padding_position=&#8220;all&#8220; background_color_opacity=&#8220;1&#8243; background_hover_color_opacity=&#8220;1&#8243; column_shadow=&#8220;none&#8220; column_border_radius=&#8220;none&#8220; column_link_target=&#8220;_self&#8220; gradient_direction=&#8220;left_to_right&#8220; overlay_strength=&#8220;0.3&#8243; width=&#8220;1\/2&#8243; tablet_width_inherit=&#8220;default&#8220; tablet_text_alignment=&#8220;default&#8220; phone_text_alignment=&#8220;default&#8220; column_border_width=&#8220;none&#8220; column_border_style=&#8220;solid&#8220; bg_image_animation=&#8220;none&#8220;][image_with_animation image_url=&#8220;2515&#8243; animation=&#8220;Fade In&#8220; hover_animation=&#8220;none&#8220; alignment=&#8220;&#8220; border_radius=&#8220;none&#8220; box_shadow=&#8220;none&#8220; image_loading=&#8220;default&#8220; max_width=&#8220;100%&#8220; max_width_mobile=&#8220;default&#8220;][\/vc_column][\/vc_row][vc_row type=&#8220;in_container&#8220; full_screen_row_position=&#8220;middle&#8220; column_margin=&#8220;default&#8220; column_direction=&#8220;default&#8220; column_direction_tablet=&#8220;default&#8220; column_direction_phone=&#8220;default&#8220; scene_position=&#8220;center&#8220; text_color=&#8220;dark&#8220; text_align=&#8220;left&#8220; row_border_radius=&#8220;none&#8220; row_border_radius_applies=&#8220;bg&#8220; overlay_strength=&#8220;0.3&#8243; gradient_direction=&#8220;left_to_right&#8220; shape_divider_position=&#8220;bottom&#8220; bg_image_animation=&#8220;none&#8220;][vc_column column_padding=&#8220;no-extra-padding&#8220; column_padding_tablet=&#8220;inherit&#8220; column_padding_phone=&#8220;inherit&#8220; column_padding_position=&#8220;all&#8220; background_color_opacity=&#8220;1&#8243; background_hover_color_opacity=&#8220;1&#8243; column_shadow=&#8220;none&#8220; column_border_radius=&#8220;none&#8220; column_link_target=&#8220;_self&#8220; gradient_direction=&#8220;left_to_right&#8220; overlay_strength=&#8220;0.3&#8243; width=&#8220;1\/2&#8243; tablet_width_inherit=&#8220;default&#8220; tablet_text_alignment=&#8220;default&#8220; phone_text_alignment=&#8220;default&#8220; column_border_width=&#8220;none&#8220; column_border_style=&#8220;solid&#8220; bg_image_animation=&#8220;none&#8220;][image_with_animation image_url=&#8220;2517&#8243; animation=&#8220;Fade In&#8220; hover_animation=&#8220;none&#8220; alignment=&#8220;&#8220; border_radius=&#8220;none&#8220; box_shadow=&#8220;none&#8220; image_loading=&#8220;default&#8220; max_width=&#8220;100%&#8220; max_width_mobile=&#8220;default&#8220;][\/vc_column][vc_column column_padding=&#8220;no-extra-padding&#8220; column_padding_tablet=&#8220;inherit&#8220; column_padding_phone=&#8220;inherit&#8220; column_padding_position=&#8220;all&#8220; background_color_opacity=&#8220;1&#8243; background_hover_color_opacity=&#8220;1&#8243; column_shadow=&#8220;none&#8220; column_border_radius=&#8220;none&#8220; column_link_target=&#8220;_self&#8220; gradient_direction=&#8220;left_to_right&#8220; overlay_strength=&#8220;0.3&#8243; width=&#8220;1\/2&#8243; tablet_width_inherit=&#8220;default&#8220; tablet_text_alignment=&#8220;default&#8220; phone_text_alignment=&#8220;default&#8220; column_border_width=&#8220;none&#8220; column_border_style=&#8220;solid&#8220; bg_image_animation=&#8220;none&#8220;][vc_column_text]\n<h4><span style=\"color: #0000ff;\"><strong>Ab 21.30 Uhr: DJ-Set Mista Wallizz im CFB!<\/strong><\/span><\/h4>\n<p><span style=\"color: #000000;\"><strong>Wallizz treibt den\u00a0Afrobeats &amp; Afro House Sound in Berlin nicht nur durch seine Veranstaltungen, sondern auch mit seinen lebendigen DJ-Sets seit Jahren voran.<\/strong><\/span><\/p>\n<p><span style=\"color: #000000;\"><strong>Mit seiner ersten Partyreihe namens Afro Heat im Jahr 2012, welche er sp\u00e4ter als\u00a0Freak de l\u2019Afrique fortf\u00fchrte, legte er einen wichtigen Grundstein f\u00fcr den Aufstieg des modernen afrikanischen Clubsounds im Berliner Nachtleben.<\/strong><\/span><\/p>\n<p><span style=\"color: #000000;\"><strong>Heute bereist er die Welt mit Auftritten u.a. im Senegal, Kenia, Tansania, Bahrain &amp; Mosambik und seine Partys wie Cirque de l\u2018Afrique &amp; The Afro House Xperience sind zu wichtigen Hotspots f\u00fcr Berliner Musikliebhaber*innen geworden.<\/strong><\/span><\/p>\n<p><span style=\"color: #000000;\"><strong>Lasst euch von 21:45 Uhr bis 00:30 Uhr von seiner Musik begeistern!<\/strong><\/span>[\/vc_column_text][\/vc_column][\/vc_row][vc_row type=&#8220;in_container&#8220; full_screen_row_position=&#8220;middle&#8220; column_margin=&#8220;default&#8220; column_direction=&#8220;default&#8220; column_direction_tablet=&#8220;default&#8220; column_direction_phone=&#8220;default&#8220; scene_position=&#8220;center&#8220; text_color=&#8220;dark&#8220; text_align=&#8220;left&#8220; row_border_radius=&#8220;none&#8220; row_border_radius_applies=&#8220;bg&#8220; overlay_strength=&#8220;0.3&#8243; gradient_direction=&#8220;left_to_right&#8220; shape_divider_position=&#8220;bottom&#8220; bg_image_animation=&#8220;none&#8220;][vc_column column_padding=&#8220;no-extra-padding&#8220; column_padding_tablet=&#8220;inherit&#8220; column_padding_phone=&#8220;inherit&#8220; column_padding_position=&#8220;all&#8220; background_color_opacity=&#8220;1&#8243; background_hover_color_opacity=&#8220;1&#8243; column_shadow=&#8220;none&#8220; column_border_radius=&#8220;none&#8220; column_link_target=&#8220;_self&#8220; gradient_direction=&#8220;left_to_right&#8220; overlay_strength=&#8220;0.3&#8243; width=&#8220;1\/2&#8243; tablet_width_inherit=&#8220;default&#8220; tablet_text_alignment=&#8220;default&#8220; phone_text_alignment=&#8220;default&#8220; column_border_width=&#8220;none&#8220; column_border_style=&#8220;solid&#8220; bg_image_animation=&#8220;none&#8220;][image_with_animation image_url=&#8220;2557&#8243; animation=&#8220;Fade In&#8220; hover_animation=&#8220;none&#8220; alignment=&#8220;&#8220; border_radius=&#8220;none&#8220; box_shadow=&#8220;none&#8220; image_loading=&#8220;default&#8220; max_width=&#8220;100%&#8220; max_width_mobile=&#8220;default&#8220;][\/vc_column][vc_column column_padding=&#8220;no-extra-padding&#8220; column_padding_tablet=&#8220;inherit&#8220; column_padding_phone=&#8220;inherit&#8220; column_padding_position=&#8220;all&#8220; background_color_opacity=&#8220;1&#8243; background_hover_color_opacity=&#8220;1&#8243; column_shadow=&#8220;none&#8220; column_border_radius=&#8220;none&#8220; column_link_target=&#8220;_self&#8220; gradient_direction=&#8220;left_to_right&#8220; overlay_strength=&#8220;0.3&#8243; width=&#8220;1\/2&#8243; tablet_width_inherit=&#8220;default&#8220; tablet_text_alignment=&#8220;default&#8220; phone_text_alignment=&#8220;default&#8220; column_border_width=&#8220;none&#8220; column_border_style=&#8220;solid&#8220; bg_image_animation=&#8220;none&#8220;][image_with_animation image_url=&#8220;2498&#8243; animation=&#8220;Fade In&#8220; hover_animation=&#8220;none&#8220; alignment=&#8220;&#8220; border_radius=&#8220;none&#8220; box_shadow=&#8220;none&#8220; image_loading=&#8220;default&#8220; max_width=&#8220;100%&#8220; max_width_mobile=&#8220;default&#8220;][\/vc_column][\/vc_row]\n","protected":false},"excerpt":{"rendered":"<p>[vc_row type=&#8220;in_container&#8220; full_screen_row_position=&#8220;middle&#8220; column_margin=&#8220;default&#8220; column_direction=&#8220;default&#8220; column_direction_tablet=&#8220;default&#8220; column_direction_phone=&#8220;default&#8220; scene_position=&#8220;center&#8220; text_color=&#8220;dark&#8220; text_align=&#8220;left&#8220; row_border_radius=&#8220;none&#8220; row_border_radius_applies=&#8220;bg&#8220; overlay_strength=&#8220;0.3&#8243; gradient_direction=&#8220;left_to_right&#8220; shape_divider_position=&#8220;bottom&#8220; bg_image_animation=&#8220;none&#8220;][vc_column column_padding=&#8220;no-extra-padding&#8220; column_padding_tablet=&#8220;inherit&#8220; column_padding_phone=&#8220;inherit&#8220; column_padding_position=&#8220;all&#8220; background_color_opacity=&#8220;1&#8243; background_hover_color_opacity=&#8220;1&#8243; column_shadow=&#8220;none&#8220; column_border_radius=&#8220;none&#8220; column_link_target=&#8220;_self&#8220; gradient_direction=&#8220;left_to_right&#8220; overlay_strength=&#8220;0.3&#8243; width=&#8220;1\/1&#8243; tablet_width_inherit=&#8220;default&#8220; tablet_text_alignment=&#8220;default&#8220;&#8230;<\/p>\n","protected":false},"author":1,"featured_media":0,"parent":0,"menu_order":0,"comment_status":"closed","ping_status":"closed","template":"","meta":{"_seopress_robots_primary_cat":"","_seopress_titles_title":"","_seopress_titles_desc":"","_seopress_robots_index":"","footnotes":""},"class_list":["post-2523","page","type-page","status-publish"],"_links":{"self":[{"href":"https:\/\/www.francophonies.de\/de\/wp-json\/wp\/v2\/pages\/2523","targetHints":{"allow":["GET"]}}],"collection":[{"href":"https:\/\/www.francophonies.de\/de\/wp-json\/wp\/v2\/pages"}],"about":[{"href":"https:\/\/www.francophonies.de\/de\/wp-json\/wp\/v2\/types\/page"}],"author":[{"embeddable":true,"href":"https:\/\/www.francophonies.de\/de\/wp-json\/wp\/v2\/users\/1"}],"replies":[{"embeddable":true,"href":"https:\/\/www.francophonies.de\/de\/wp-json\/wp\/v2\/comments?post=2523"}],"version-history":[{"count":35,"href":"https:\/\/www.francophonies.de\/de\/wp-json\/wp\/v2\/pages\/2523\/revisions"}],"predecessor-version":[{"id":2726,"href":"https:\/\/www.francophonies.de\/de\/wp-json\/wp\/v2\/pages\/2523\/revisions\/2726"}],"wp:attachment":[{"href":"https:\/\/www.francophonies.de\/de\/wp-json\/wp\/v2\/media?parent=2523"}],"curies":[{"name":"wp","href":"https:\/\/api.w.org\/{rel}","templated":true}]}}